{"id":114,"date":"2017-08-13T10:53:35","date_gmt":"2017-08-13T10:53:35","guid":{"rendered":"http:\/\/wp.gestreift.eu\/?page_id=114"},"modified":"2018-01-29T16:22:17","modified_gmt":"2018-01-29T16:22:17","slug":"impressum","status":"publish","type":"page","link":"https:\/\/gestreift.info\/?page_id=114","title":{"rendered":"Impressum"},"content":{"rendered":"<p>Website-Verantwortliche<\/p>\n<p>Eva Kronberg<br \/>\nEmail: webmaster@gestreift.info<\/p>\n<p>Die Rechte auf Inhalte, Fotos usw. sind alleiniges Eigentum der Verantwortlichen dieser Seite. Die Fotos sind teilweise von anderen H\u00f6rnchenbesitzern zur Verf\u00fcgung gestellt worden. Daher ist das kopieren oder direktverlinken im \u00f6ffentlichen Bereich untersagt und wird strafrechtlich verfolgt.<\/p>\n<p>Wenn jemand ein Bild verwenden m\u00f6chte, bitte eine Genehmigung bei uns einholen. Wir hoffen, dass wir f\u00fcr alle Bilder auf unserer Seite die Erlaubnis haben, diese zu ver\u00f6ffentlichen. Sollte dies nicht der Fall sein, bitten wir um eine Information und das Bild wird umgehend entfernt.<\/p>\n<p>Haftungsausschluss<\/p>\n<p>Besonderen Dank an alle, die bei bei der HP-Erstellung mit Bildern oder Inhalten unterst\u00fctzt haben.<\/p>\n<p>Marc Simianer, Stefan Effenberg, Florian Graf, Bj\u00f6rn Janssen, Cornelia Kolmer, Ricos-Futterkiste, Eka Vukasovic, Andreas Waidele, Kirsten Weber, Thomas Kraus<\/p>\n<p>und in Gedenken an Gerard sowie R\u00fcdiger Hermann, wir werden Euch nie vergessen!<\/p>\n","protected":false},"excerpt":{"rendered":"<p>Website-Verantwortliche Eva Kronberg Email: webmaster@gestreift.info Die Rechte auf Inhalte, Fotos usw. sind alleiniges Eigentum der Verantwortlichen dieser Seite. Die Fotos sind teilweise von anderen H\u00f6rnchenbesitzern zur Verf\u00fcgung gestellt worden. Daher ist das kopieren oder direktverlinken im \u00f6ffentlichen Bereich untersagt und wird strafrechtlich verfolgt. Wenn jemand ein Bild verwenden m\u00f6chte, bitte eine Genehmigung bei uns einholen. &hellip; <a href=\"https:\/\/gestreift.info\/?page_id=114\" class=\"more-link\"><span class=\"screen-reader-text\">Impressum<\/span> weiterlesen<\/a><\/p>\n","protected":false},"author":1,"featured_media":0,"parent":0,"menu_order":0,"comment_status":"closed","ping_status":"closed","template":"","meta":[],"_links":{"self":[{"href":"https:\/\/gestreift.info\/index.php?rest_route=\/wp\/v2\/pages\/114"}],"collection":[{"href":"https:\/\/gestreift.info\/index.php?rest_route=\/wp\/v2\/pages"}],"about":[{"href":"https:\/\/gestreift.info\/index.php?rest_route=\/wp\/v2\/types\/page"}],"author":[{"embeddable":true,"href":"https:\/\/gestreift.info\/index.php?rest_route=\/wp\/v2\/users\/1"}],"replies":[{"embeddable":true,"href":"https:\/\/gestreift.info\/index.php?rest_route=%2Fwp%2Fv2%2Fcomments&post=114"}],"version-history":[{"count":3,"href":"https:\/\/gestreift.info\/index.php?rest_route=\/wp\/v2\/pages\/114\/revisions"}],"predecessor-version":[{"id":263,"href":"https:\/\/gestreift.info\/index.php?rest_route=\/wp\/v2\/pages\/114\/revisions\/263"}],"wp:attachment":[{"href":"https:\/\/gestreift.info\/index.php?rest_route=%2Fwp%2Fv2%2Fmedia&parent=114"}],"curies":[{"name":"wp","href":"https:\/\/api.w.org\/{rel}","templated":true}]}}